{"id":2066,"date":"2012-10-23T09:25:54","date_gmt":"2012-10-23T09:25:54","guid":{"rendered":"http:\/\/estudiocl.com\/inicio\/portfolio\/portfolio-2\/"},"modified":"2022-03-04T19:21:49","modified_gmt":"2022-03-04T22:21:49","slug":"jubilaciones-y-pensiones","status":"publish","type":"page","link":"https:\/\/estudiocl.com\/inicio\/portfolio\/jubilaciones-y-pensiones\/","title":{"rendered":"Jubilaciones\/Pensiones"},"content":{"rendered":"<p><span style=\"vertical-align: inherit;\"><div class=\"mp-span12 motopress-clmn\"><\/div><\/span><\/p>\r\n<h2 style=\"text-align: center;\">Abogados Previsionales: Jubilaciones y Pensiones en C\u00f3rdoba<\/h2>\r\n<h3 style=\"text-align: center;\">\u00a0<\/h3>\r\n<p><span style=\"vertical-align: inherit;\"><div class=\"support-box\"><div class=\"row\"><span class=\"title span3\">Obtenga respuesta a su consulta legal:<\/span><span class=\"phone span4\"><span class=\"phone-title\">llame al tel\u00e9fono:<\/span><span class=\"phone-num\">(351) 6016629<\/span><\/span><span class=\"span2\"><span class=\"operation-time\">Abogados Previsionales<\/span><\/span><a href=\"http:\/\/estudiocl.com\/inicio\/contacts\/\" class=\"link span3\"><span class=\"inner\"><strong>Turnos<\/strong><small><\/small><\/span><\/a><\/div><\/div> <div class=\"row \"><\/div><!-- .row (end) --> <div class=\"span12 \"><\/div><\/span><\/p>\r\n<h3 style=\"text-align: center;\">\u00a0<\/h3>\r\n<h2 style=\"text-align: center;\"><span style=\"color: #008080;\">Abogados Previsionales<\/span><\/h2>\r\n<h2 style=\"text-align: center;\"><span style=\"color: #008080;\">Jubilaciones Nacionales y Provinciales<\/span><\/h2>\r\n<h2 style=\"text-align: center;\"><span style=\"color: #008080;\"><a style=\"color: #008080;\" href=\"https:\/\/estudiocl.com\/inicio\/abogadoscordoba\/pensionviudez\/\">Pensiones por Fallecimiento<\/a><\/span><\/h2>\r\n<h2 style=\"text-align: center;\"><span style=\"color: #008080;\"><a style=\"color: #008080;\" href=\"https:\/\/estudiocl.com\/inicio\/abogados-en-cordoba\/abogados-previsionales\/retiro-por-invalidez-requisitos\/\">Retiros por Invalidez<\/a><\/span><\/h2>\r\n<h2 style=\"text-align: center;\"><span style=\"color: #008080;\">Minusval\u00eda<\/span><\/h2>\r\n<h2 style=\"text-align: center;\"><span style=\"color: #008080;\">Reg\u00edmenes Especiales<\/span><\/h2>\r\n<h2 style=\"text-align: center;\"><span style=\"color: #008080;\">Reparaci\u00f3n hist\u00f3rica<\/span><\/h2>\r\n<h2 style=\"text-align: center;\"><span style=\"color: #008080;\">Recursos<\/span><\/h2>\r\n<h2 style=\"text-align: center;\"><span style=\"color: #008080;\">Reajustes Jubilatorios<\/span><\/h2>\r\n<h2 style=\"text-align: center;\"><span style=\"color: #008080;\">Asesoramientos<\/span><\/h2>\r\n<p><span style=\"vertical-align: inherit;\"><div class=\"google-map\"><iframe src=\"https:\/\/www.google.com\/maps\/embed?pb=!1m18!1m12!1m3!1d3404.9910422700273!2d-64.19456368485199!3d-31.414372881404866!2m3!1f0!2f0!3f0!3m2!1i1024!2i768!4f13.1!3m3!1m2!1s0x9432a28380a0222d%3A0x96de227a117242a9!2sLACL%C3%89%20-%20Abogados%20en%20C%C3%B3rdoba!5e0!3m2!1ses-419!2sar!4v1626959470631!5m2!1ses-419!2sar\" frameborder=\"0\" width=\"1200\" height=\"450\" marginwidth=\"0\" marginheight=\"0\" scrolling=\"no\"><\/iframe><\/div><\/span><\/p>\r\n<h2><span style=\"vertical-align: inherit;\">Formulario de Contacto<\/span><\/h2>\r\n\n<div class=\"wpcf7 no-js\" id=\"wpcf7-f3033-o1\" lang=\"es-ES\" dir=\"ltr\" data-wpcf7-id=\"3033\">\n<div class=\"screen-reader-response\"><p role=\"status\" aria-live=\"polite\" aria-atomic=\"true\"><\/p> <ul><\/ul><\/div>\n<form action=\"\/inicio\/wp-json\/wp\/v2\/pages\/2066#wpcf7-f3033-o1\" method=\"post\" class=\"wpcf7-form init\" aria-label=\"Formulario de contacto\" novalidate=\"novalidate\" data-status=\"init\">\n<fieldset class=\"hidden-fields-container\"><input type=\"hidden\" name=\"_wpcf7\" value=\"3033\" \/><input type=\"hidden\" name=\"_wpcf7_version\" value=\"6.1.5\" \/><input type=\"hidden\" name=\"_wpcf7_locale\" value=\"es_ES\" \/><input type=\"hidden\" name=\"_wpcf7_unit_tag\" value=\"wpcf7-f3033-o1\" \/><input type=\"hidden\" name=\"_wpcf7_container_post\" value=\"0\" \/><input type=\"hidden\" name=\"_wpcf7_posted_data_hash\" value=\"\" \/><input type=\"hidden\" name=\"_wpcf7_recaptcha_response\" value=\"\" \/>\n<\/fieldset>\n<font size=3 color=#000000> Nombre y Apellido\n<\/font>\n<p><span class=\"wpcf7-form-control-wrap\" data-name=\"your-name\"><input size=\"40\" maxlength=\"400\" class=\"wpcf7-form-control wpcf7-text wpcf7-validates-as-required\" aria-required=\"true\" aria-invalid=\"false\" value=\"\" type=\"text\" name=\"your-name\" \/><\/span>\n<\/p>\n<p>\n\t<font size=3 color=#000000> Mail\n\t<\/font>\n<\/p>\n<p><span class=\"wpcf7-form-control-wrap\" data-name=\"your-email\"><input size=\"40\" maxlength=\"400\" class=\"wpcf7-form-control wpcf7-email wpcf7-validates-as-required wpcf7-text wpcf7-validates-as-email\" aria-required=\"true\" aria-invalid=\"false\" value=\"\" type=\"email\" name=\"your-email\" \/><\/span>\n<\/p>\n<p>\n\t<font size=3 color=#000000> Tel\u00e9fono\n\t<\/font>\n<\/p>\n<p><span class=\"wpcf7-form-control-wrap\" data-name=\"telefono\"><input size=\"40\" maxlength=\"400\" class=\"wpcf7-form-control wpcf7-tel wpcf7-text wpcf7-validates-as-tel\" aria-invalid=\"false\" value=\"\" type=\"tel\" name=\"telefono\" \/><\/span>\n<\/p>\n<p>\n\t<font size=3 color=#000000> Consulta\n\t<\/font>\n<\/p>\n<p><span class=\"wpcf7-form-control-wrap\" data-name=\"your-message\"><textarea cols=\"40\" rows=\"10\" maxlength=\"2000\" class=\"wpcf7-form-control wpcf7-textarea\" aria-invalid=\"false\" name=\"your-message\"><\/textarea><\/span>\n<\/p>\n<p><input class=\"wpcf7-form-control wpcf7-submit has-spinner\" type=\"submit\" value=\"Enviar\" \/>\n<\/p><p style=\"display: none !important;\" class=\"akismet-fields-container\" data-prefix=\"_wpcf7_ak_\"><label>&#916;<textarea name=\"_wpcf7_ak_hp_textarea\" cols=\"45\" rows=\"8\" maxlength=\"100\"><\/textarea><\/label><input type=\"hidden\" id=\"ak_js_1\" name=\"_wpcf7_ak_js\" value=\"159\"\/><script type=\"text\/javascript\">\n\/* <![CDATA[ *\/\ndocument.getElementById( \"ak_js_1\" ).setAttribute( \"value\", ( new Date() ).getTime() );\n\/* ]]> *\/\n<\/script>\n<\/p><input type='hidden' class='wpcf7-pum' value='{\"closepopup\":false,\"closedelay\":0,\"openpopup\":true,\"openpopup_id\":2663}' \/><div class=\"wpcf7-response-output\" aria-hidden=\"true\"><\/div>\n<\/form>\n<\/div>\n\r\n<h2><strong>\u00bfQuiere Saber M\u00e1s?<\/strong><\/h2>\r\n<h1>Abogados Previsionales:\u00a0Jubilaciones y Pensiones<\/h1>\r\n<h3><strong>Lacl\u00e9 Abogados<\/strong> es un equipo de trabajo con amplia experiencia en el fuero previsionalista. Nuestros Abogados Previsionales efect\u00faan todo tipo de gestiones y tr\u00e1mites administrativos y judiciales previsionales nacionales y provinciales.<\/h3>\r\n<h3>Con respecto al Sistema Previsional Argentino, si bien existen diversos tipos de jubilaciones en Argentina, La <strong>regla<\/strong> es que las mujeres deber\u00e1n tener\u00a0<strong>60 a\u00f1os<\/strong>\u00a0de edad y los hombres\u00a0\u00a0<strong>65 a\u00f1os, adem\u00e1s de contar<\/strong>\u00a0en ambos casos con\u00a0<strong>30 a\u00f1os de aportes<\/strong>.<\/h3>\r\n<h3>Existen reg\u00edmenes especiales (construcci\u00f3n, docencia, choferes de taxi y colectivo, entre muchos otros) que por consistir en tareas insalubres, penosas o riesgosas habilitan la posibilidad de jubilarse antes de las edades mencionadas anteriormente y con menor cantidad de aportes. Es necesario que la actividad se encuentre reglada por ley y que los aportes se hayan realizado correctamente.<\/h3>\r\n<h3>Con respecto a las diversas leyes de moratorias previsionales (Leyes 24.476 y 26.970), \u00e9stas permiten que cualquier persona pueda <strong>jubilarse sin aportes o con un m\u00ednimo de aportes<\/strong>, dependiendo de la edad y de los pocos aportes que tenga, su abogado previsional.<\/h3>\r\n<h3>Asimismo, en caso de <strong>fallecimiento de una persona jubilada<\/strong> tienen derecho a <strong>pensi\u00f3n<\/strong> la persona viuda y los hijos menores de edad o incapaces. Tambi\u00e9n \u00e9stas personas tienen derecho a pensi\u00f3n en caso de <strong>fallecimiento de\u00a0un trabajador o una persona no jubilada<\/strong> que haya tenido aportes en sus \u00faltimos 5 a\u00f1os de vida.<\/h3>\r\n<h3>Cons\u00faltenos para saber en que r\u00e9gimen entrar\u00eda y cual es la acci\u00f3n que le conviene realizar a fin de obtener su jubilaci\u00f3n o pensi\u00f3n.<\/h3>\r\n<h2 tabindex=\"0\" role=\"tab\" aria-controls=\"ui-id-2\" aria-selected=\"true\" aria-expanded=\"true\"><strong>Abogados Previsionales - Algunos de los casos m\u00e1s frecuentes:<\/strong><\/h2>\r\n<ul>\r\n<li id=\"ui-id-1\" class=\"ui-accordion-header ui-state-default ui-accordion-icons ui-accordion-header-active ui-state-active ui-corner-top\" tabindex=\"0\" role=\"tab\" aria-controls=\"ui-id-2\" aria-selected=\"true\" aria-expanded=\"true\">\r\n<h3><a href=\"https:\/\/estudiocl.com\/inicio\/abogadoscordoba\/que-es-la-jubilacion-de-ama-de-casa\/\">Jubilaci\u00f3n <strong>Sin aportes o con pocos aportes.<\/strong> <\/a><a href=\"https:\/\/estudiocl.com\/inicio\/abogadoscordoba\/que-es-la-jubilacion-de-ama-de-casa\/\">Moratorias Previsionales<\/a>.<\/h3>\r\n<\/li>\r\n<\/ul>\r\n<div id=\"ui-id-2\" class=\"ui-accordion-content ui-helper-reset ui-widget-content ui-corner-bottom ui-accordion-content-active\" role=\"tabpanel\" aria-labelledby=\"ui-id-1\" aria-hidden=\"false\">\r\n<h3>Tienen derecho a utilizar \u00e9stas moratorias previsionales los hombres de 65 a\u00f1os y mujeres\u00a0 de 60 a\u00f1os. Consiste en la adhesi\u00f3n a una <a href=\"https:\/\/estudiocl.com\/inicio\/abogadoscordoba\/que-es-la-jubilacion-de-ama-de-casa\/\">MORATORIA<\/a>, por la cual le descuentan mensualmente, una vez jubilado\/a y durante 60 meses.<\/h3>\r\n<ul>\r\n<li id=\"ui-id-3\" class=\"ui-accordion-header ui-state-default ui-accordion-icons ui-accordion-header-active ui-state-active ui-corner-top\" tabindex=\"0\" role=\"tab\" aria-controls=\"ui-id-4\" aria-selected=\"true\" aria-expanded=\"true\">\r\n<h3><strong>Jubilaci\u00f3n Con aportes<\/strong><\/h3>\r\n<\/li>\r\n<\/ul>\r\n<div id=\"ui-id-4\" class=\"ui-accordion-content ui-helper-reset ui-widget-content ui-corner-bottom ui-accordion-content-active\" role=\"tabpanel\" aria-labelledby=\"ui-id-3\" aria-hidden=\"false\">\r\n<h3>\u00c9sta jubilaci\u00f3n es para aquellas personas que prestan tareas EN RELACI\u00d3N DE DEPENDENCIA O quienes sen encuentran inscriptos como AUT\u00d3NOMOS\/MONOTRIBUTISTAS, cuando cumplan con los requisitos de edad y a\u00f1os de servicio: 65 a\u00f1os (hombres) o 60 a\u00f1os (mujeres) y 30 a\u00f1os de aportes.<\/h3>\r\n<h3>De cualquier manera, aquellas personas que no lleguen a computar los 30 a\u00f1os de aportes requeridos, pueden completar el resto con las adhesiones a las moratorias vigentes. Conviene iniciar la gesti\u00f3n del tr\u00e1mite algunos meses\u00a0 anteriores a la fecha en que se cumple la edad a fin de dejar en \u00f3ptimas condiciones el tr\u00e1mite.<\/h3>\r\n<div id=\"ui-id-6\" class=\"ui-accordion-content ui-helper-reset ui-widget-content ui-corner-bottom ui-accordion-content-active\" role=\"tabpanel\" aria-labelledby=\"ui-id-5\" aria-hidden=\"false\">\r\n<ul>\r\n<li id=\"ui-id-7\" class=\"ui-accordion-header ui-state-default ui-accordion-icons ui-accordion-header-active ui-state-active ui-corner-top ui-state-hover ui-state-focus\" tabindex=\"0\" role=\"tab\" aria-controls=\"ui-id-8\" aria-selected=\"true\" aria-expanded=\"true\">\r\n<h3><strong><a href=\"https:\/\/estudiocl.com\/inicio\/abogadoscordoba\/jubilacion-construccion\/\">Trabajadores de la Construcci\u00f3n.<\/a><\/strong><\/h3>\r\n<\/li>\r\n<\/ul>\r\n<div id=\"ui-id-8\" class=\"ui-accordion-content ui-helper-reset ui-widget-content ui-corner-bottom ui-accordion-content-active\" role=\"tabpanel\" aria-labelledby=\"ui-id-7\" aria-hidden=\"false\">\r\n<ul>\r\n<li id=\"ui-id-9\" class=\"ui-accordion-header ui-state-default ui-accordion-icons ui-accordion-header-active ui-state-active ui-corner-top ui-state-hover ui-state-focus\" tabindex=\"0\" role=\"tab\" aria-controls=\"ui-id-10\" aria-selected=\"true\" aria-expanded=\"true\">\r\n<h3><strong><a href=\"https:\/\/estudiocl.com\/inicio\/abogados-en-cordoba\/abogados-previsionales\/retiro-por-invalidez-requisitos\/\">Jubilaci\u00f3n por Invalidez o Incapacidad.<\/a><\/strong><\/h3>\r\n<\/li>\r\n<li class=\"ui-accordion-header ui-state-default ui-accordion-icons ui-accordion-header-active ui-state-active ui-corner-top ui-state-hover ui-state-focus\" tabindex=\"0\" role=\"tab\" aria-controls=\"ui-id-10\" aria-selected=\"true\" aria-expanded=\"true\">\r\n<h3><strong>Docentes nacionales\/provinciales.<\/strong><\/h3>\r\n<\/li>\r\n<li class=\"ui-accordion-header ui-state-default ui-accordion-icons ui-accordion-header-active ui-state-active ui-corner-top ui-state-hover ui-state-focus\" tabindex=\"0\" role=\"tab\" aria-controls=\"ui-id-10\" aria-selected=\"true\" aria-expanded=\"true\">\r\n<h3><strong>Jubilaci\u00f3n por Minusval\u00eda (disminuci\u00f3n f\u00edsica o ps\u00edquica mayor del 33%).<\/strong><\/h3>\r\n<\/li>\r\n<\/ul>\r\n<div id=\"ui-id-10\" class=\"ui-accordion-content ui-helper-reset ui-widget-content ui-corner-bottom ui-accordion-content-active\" role=\"tabpanel\" aria-labelledby=\"ui-id-9\" aria-hidden=\"false\">\r\n<ul>\r\n<li id=\"ui-id-11\" class=\"ui-accordion-header ui-state-default ui-accordion-icons ui-accordion-header-active ui-state-active ui-corner-top ui-state-hover ui-state-focus\" tabindex=\"0\" role=\"tab\" aria-controls=\"ui-id-12\" aria-selected=\"true\" aria-expanded=\"true\">\r\n<h3><strong>Jubilaci\u00f3n por Ceguera cong\u00e9nita o adquirida posteriormente.<\/strong><\/h3>\r\n<\/li>\r\n<\/ul>\r\n<\/div>\r\n<\/div>\r\n<\/div>\r\n<\/div>\r\n<\/div>\r\n<ul>\r\n<li id=\"ui-id-13\" class=\"ui-accordion-header ui-state-default ui-accordion-icons ui-accordion-header-active ui-state-active ui-corner-top\" tabindex=\"0\" role=\"tab\" aria-controls=\"ui-id-14\" aria-selected=\"true\" aria-expanded=\"true\">\r\n<h3><strong>Servicio Dom\u00e9stico.<\/strong><\/h3>\r\n<\/li>\r\n<\/ul>\r\n<div id=\"ui-id-14\" class=\"ui-accordion-content ui-helper-reset ui-widget-content ui-corner-bottom ui-accordion-content-active\" role=\"tabpanel\" aria-labelledby=\"ui-id-13\" aria-hidden=\"false\">\r\n<ul>\r\n<li id=\"ui-id-15\" class=\"ui-accordion-header ui-state-default ui-accordion-icons ui-accordion-header-active ui-state-active ui-corner-top ui-state-hover ui-state-focus\" tabindex=\"0\" role=\"tab\" aria-controls=\"ui-id-16\" aria-selected=\"true\" aria-expanded=\"true\">\r\n<h3><strong>Otras Jubilaciones: Polic\u00eda de C\u00f3rdoba Empleados p\u00fablicos nacionales\/provinciales Jubilaci\u00f3n por edad avanzada, Jubilaciones internacionales, Jubilaci\u00f3n por tareas insalubres (Rurales, Frigor\u00edficos, Choferes en General, etc).<\/strong><\/h3>\r\n<\/li>\r\n<\/ul>\r\n<ul>\r\n<li id=\"ui-id-17\" class=\"ui-accordion-header ui-state-default ui-accordion-icons ui-accordion-header-active ui-state-active ui-corner-top\" tabindex=\"0\" role=\"tab\" aria-controls=\"ui-id-18\" aria-selected=\"true\" aria-expanded=\"true\">\r\n<h3><strong><a href=\"https:\/\/estudiocl.com\/inicio\/abogadoscordoba\/pensionviudez\/\">Pensiones por fallecimiento de un jubilado o trabajador - Viudez<\/a><\/strong><\/h3>\r\n<\/li>\r\n<\/ul>\r\n<p><span style=\"vertical-align: inherit;\"><span style=\"vertical-align: inherit;\"><div class=\"sm_hr\"><\/div><!-- .sm_hr (end) --><\/span><\/span><\/p>\r\n<h3>Para m\u00e1s informaci\u00f3n puede comunicarse al 351 6016629 o a trav\u00e9s de los medios de contacto de<strong><a href=\"http:\/\/estudiocl.com\/inicio\/extra-header-content\/abogado-laboral-cordoba\/\">LACL\u00c9 Abogados en C\u00f3rdoba<\/a> - <\/strong>Abogado Especialista en Derecho Previsional y alguno de nuestros asesores se pondr\u00e1 inmediatamente en contacto para resolver cualquier consulta.<\/h3>\r\n<div class=\"sm_hr\"><\/div><!-- .sm_hr (end) -->\r\n<\/div>\r\n<div id=\"attachment_4263\" style=\"width: 158px\" class=\"wp-caption alignnone\"><a href=\"https:\/\/estudiocl.com\/inicio\/wp-content\/uploads\/2022\/03\/Nicolas-Leiva-Dalmas.jpg\"><img decoding=\"async\" aria-describedby=\"caption-attachment-4263\" class=\"wp-image-4263\" src=\"https:\/\/estudiocl.com\/inicio\/wp-content\/uploads\/2022\/03\/Nicolas-Leiva-Dalmas-300x300.jpg\" alt=\"Abogado Previsional \" width=\"148\" height=\"148\" srcset=\"https:\/\/estudiocl.com\/inicio\/wp-content\/uploads\/2022\/03\/Nicolas-Leiva-Dalmas-300x300.jpg 300w, https:\/\/estudiocl.com\/inicio\/wp-content\/uploads\/2022\/03\/Nicolas-Leiva-Dalmas-150x150.jpg 150w, https:\/\/estudiocl.com\/inicio\/wp-content\/uploads\/2022\/03\/Nicolas-Leiva-Dalmas.jpg 321w\" sizes=\"(max-width: 148px) 100vw, 148px\" \/><\/a><p id=\"caption-attachment-4263\" class=\"wp-caption-text\">Nicolas Leiva Dalmas<\/p><\/div>\r\n<p>&nbsp;<\/p>\r\n\r\n<p>&nbsp;<\/p>\r\n","protected":false},"excerpt":{"rendered":"Abogados Previsionales: Jubilaciones y Pensiones en C\u00f3rdoba \u00a0 \u00a0 Abogados Previsionales Jubilaciones Nacionales y Provinciales Pensiones por Fallecimiento Retiros por Invalidez Minusval\u00eda Reg\u00edmenes Especiales Reparaci\u00f3n hist\u00f3rica Recursos Reajustes Jubilatorios Asesoramientos Formulario de Contacto \u00bfQuiere Saber M\u00e1s? Abogados Previsionales:\u00a0Jubilaciones y Pensiones Lacl\u00e9 Abogados es un equipo de trabajo con amplia experiencia en el fuero previsionalista. Nuestros Abogados Previsionales efect\u00faan todo tipo&nbsp;<a href=\"https:\/\/estudiocl.com\/inicio\/portfolio\/jubilaciones-y-pensiones\/\" class=\"read-more\">Seguir leyendo<\/a>","protected":false},"author":4,"featured_media":0,"parent":9,"menu_order":5,"comment_status":"open","ping_status":"closed","template":"page-home.php","meta":{"footnotes":""},"class_list":["post-2066","page","type-page","status-publish","hentry"],"yoast_head":"<!-- This site is optimized with the Yoast SEO plugin v27.5 - https:\/\/yoast.com\/product\/yoast-seo-wordpress\/ -->\n<title>Abogados Previsionales en C\u00f3rdoba I Estudio Lacl\u00e9 I Dr. Leiva Dalmas<\/title>\n<meta name=\"description\" content=\"Estudio Jur\u00eddico Lacl\u00e9 - V\u00e9lez Sarsfield 84 Piso 1 Dptos. A y B, C\u00f3rdoba - Tel. (0351) 4239206 - Atenci\u00f3n de Lunes a Viernes - www.estudiocl.com - Abogados Previsionalistas - Especialistas en Derecho Previsional - Jubilaciones y Pensiones. Abogados Previsionales - Jubilaciones y Pensiones - Invalideces - Minusvalias - Previsionalistas en C\u00f3rdoba - Estudio Jur\u00eddico Previsional\" \/>\n<meta name=\"robots\" content=\"index, follow, max-snippet:-1, max-image-preview:large, max-video-preview:-1\" \/>\n<link rel=\"canonical\" href=\"https:\/\/estudiocl.com\/inicio\/portfolio\/jubilaciones-y-pensiones\/\" \/>\n<meta property=\"og:locale\" content=\"es_ES\" \/>\n<meta property=\"og:type\" content=\"article\" \/>\n<meta property=\"og:title\" content=\"Abogados Previsionales en C\u00f3rdoba I Estudio Lacl\u00e9 I Dr. Leiva Dalmas\" \/>\n<meta property=\"og:description\" content=\"Estudio Jur\u00eddico Lacl\u00e9 - V\u00e9lez Sarsfield 84 Piso 1 Dptos. A y B, C\u00f3rdoba - Tel. (0351) 4239206 - Atenci\u00f3n de Lunes a Viernes - www.estudiocl.com - Abogados Previsionalistas - Especialistas en Derecho Previsional - Jubilaciones y Pensiones. Abogados Previsionales - Jubilaciones y Pensiones - Invalideces - Minusvalias - Previsionalistas en C\u00f3rdoba - Estudio Jur\u00eddico Previsional\" \/>\n<meta property=\"og:url\" content=\"https:\/\/estudiocl.com\/inicio\/portfolio\/jubilaciones-y-pensiones\/\" \/>\n<meta property=\"og:site_name\" content=\"Abogados en C\u00f3rdoba\" \/>\n<meta property=\"article:modified_time\" content=\"2022-03-04T22:21:49+00:00\" \/>\n<meta property=\"og:image\" content=\"https:\/\/estudiocl.com\/inicio\/wp-content\/uploads\/2022\/03\/Nicolas-Leiva-Dalmas-300x300.jpg\" \/>\n<meta name=\"twitter:card\" content=\"summary_large_image\" \/>\n<meta name=\"twitter:label1\" content=\"Tiempo de lectura\" \/>\n\t<meta name=\"twitter:data1\" content=\"3 minutos\" \/>\n<script type=\"application\/ld+json\" class=\"yoast-schema-graph\">{\"@context\":\"https:\\\/\\\/schema.org\",\"@graph\":[{\"@type\":\"WebPage\",\"@id\":\"https:\\\/\\\/estudiocl.com\\\/inicio\\\/portfolio\\\/jubilaciones-y-pensiones\\\/\",\"url\":\"https:\\\/\\\/estudiocl.com\\\/inicio\\\/portfolio\\\/jubilaciones-y-pensiones\\\/\",\"name\":\"Abogados Previsionales en C\u00f3rdoba I Estudio Lacl\u00e9 I Dr. Leiva Dalmas\",\"isPartOf\":{\"@id\":\"https:\\\/\\\/estudiocl.com\\\/inicio\\\/#website\"},\"primaryImageOfPage\":{\"@id\":\"https:\\\/\\\/estudiocl.com\\\/inicio\\\/portfolio\\\/jubilaciones-y-pensiones\\\/#primaryimage\"},\"image\":{\"@id\":\"https:\\\/\\\/estudiocl.com\\\/inicio\\\/portfolio\\\/jubilaciones-y-pensiones\\\/#primaryimage\"},\"thumbnailUrl\":\"https:\\\/\\\/estudiocl.com\\\/inicio\\\/wp-content\\\/uploads\\\/2022\\\/03\\\/Nicolas-Leiva-Dalmas-300x300.jpg\",\"datePublished\":\"2012-10-23T09:25:54+00:00\",\"dateModified\":\"2022-03-04T22:21:49+00:00\",\"description\":\"Estudio Jur\u00eddico Lacl\u00e9 - V\u00e9lez Sarsfield 84 Piso 1 Dptos. A y B, C\u00f3rdoba - Tel. (0351) 4239206 - Atenci\u00f3n de Lunes a Viernes - www.estudiocl.com - Abogados Previsionalistas - Especialistas en Derecho Previsional - Jubilaciones y Pensiones. Abogados Previsionales - Jubilaciones y Pensiones - Invalideces - Minusvalias - Previsionalistas en C\u00f3rdoba - Estudio Jur\u00eddico Previsional\",\"breadcrumb\":{\"@id\":\"https:\\\/\\\/estudiocl.com\\\/inicio\\\/portfolio\\\/jubilaciones-y-pensiones\\\/#breadcrumb\"},\"inLanguage\":\"es\",\"potentialAction\":[{\"@type\":\"ReadAction\",\"target\":[\"https:\\\/\\\/estudiocl.com\\\/inicio\\\/portfolio\\\/jubilaciones-y-pensiones\\\/\"]}]},{\"@type\":\"ImageObject\",\"inLanguage\":\"es\",\"@id\":\"https:\\\/\\\/estudiocl.com\\\/inicio\\\/portfolio\\\/jubilaciones-y-pensiones\\\/#primaryimage\",\"url\":\"https:\\\/\\\/estudiocl.com\\\/inicio\\\/wp-content\\\/uploads\\\/2022\\\/03\\\/Nicolas-Leiva-Dalmas.jpg\",\"contentUrl\":\"https:\\\/\\\/estudiocl.com\\\/inicio\\\/wp-content\\\/uploads\\\/2022\\\/03\\\/Nicolas-Leiva-Dalmas.jpg\",\"width\":321,\"height\":321,\"caption\":\"Nicolas Leiva Dalmas\"},{\"@type\":\"BreadcrumbList\",\"@id\":\"https:\\\/\\\/estudiocl.com\\\/inicio\\\/portfolio\\\/jubilaciones-y-pensiones\\\/#breadcrumb\",\"itemListElement\":[{\"@type\":\"ListItem\",\"position\":1,\"name\":\"Portada\",\"item\":\"https:\\\/\\\/estudiocl.com\\\/inicio\\\/\"},{\"@type\":\"ListItem\",\"position\":2,\"name\":\"Servicios\",\"item\":\"https:\\\/\\\/estudiocl.com\\\/inicio\\\/portfolio\\\/\"},{\"@type\":\"ListItem\",\"position\":3,\"name\":\"Jubilaciones\\\/Pensiones\"}]},{\"@type\":\"WebSite\",\"@id\":\"https:\\\/\\\/estudiocl.com\\\/inicio\\\/#website\",\"url\":\"https:\\\/\\\/estudiocl.com\\\/inicio\\\/\",\"name\":\"Abogados en C\u00f3rdoba\",\"description\":\"Lacl\u00e9 Abogados en C\u00f3rdoba - Estudio Jur\u00eddico en C\u00f3rdoba\",\"potentialAction\":[{\"@type\":\"SearchAction\",\"target\":{\"@type\":\"EntryPoint\",\"urlTemplate\":\"https:\\\/\\\/estudiocl.com\\\/inicio\\\/?s={search_term_string}\"},\"query-input\":{\"@type\":\"PropertyValueSpecification\",\"valueRequired\":true,\"valueName\":\"search_term_string\"}}],\"inLanguage\":\"es\"}]}<\/script>\n<!-- \/ Yoast SEO plugin. -->","yoast_head_json":{"title":"Abogados Previsionales en C\u00f3rdoba I Estudio Lacl\u00e9 I Dr. Leiva Dalmas","description":"Estudio Jur\u00eddico Lacl\u00e9 - V\u00e9lez Sarsfield 84 Piso 1 Dptos. A y B, C\u00f3rdoba - Tel. (0351) 4239206 - Atenci\u00f3n de Lunes a Viernes - www.estudiocl.com - Abogados Previsionalistas - Especialistas en Derecho Previsional - Jubilaciones y Pensiones. Abogados Previsionales - Jubilaciones y Pensiones - Invalideces - Minusvalias - Previsionalistas en C\u00f3rdoba - Estudio Jur\u00eddico Previsional","robots":{"index":"index","follow":"follow","max-snippet":"max-snippet:-1","max-image-preview":"max-image-preview:large","max-video-preview":"max-video-preview:-1"},"canonical":"https:\/\/estudiocl.com\/inicio\/portfolio\/jubilaciones-y-pensiones\/","og_locale":"es_ES","og_type":"article","og_title":"Abogados Previsionales en C\u00f3rdoba I Estudio Lacl\u00e9 I Dr. Leiva Dalmas","og_description":"Estudio Jur\u00eddico Lacl\u00e9 - V\u00e9lez Sarsfield 84 Piso 1 Dptos. A y B, C\u00f3rdoba - Tel. (0351) 4239206 - Atenci\u00f3n de Lunes a Viernes - www.estudiocl.com - Abogados Previsionalistas - Especialistas en Derecho Previsional - Jubilaciones y Pensiones. Abogados Previsionales - Jubilaciones y Pensiones - Invalideces - Minusvalias - Previsionalistas en C\u00f3rdoba - Estudio Jur\u00eddico Previsional","og_url":"https:\/\/estudiocl.com\/inicio\/portfolio\/jubilaciones-y-pensiones\/","og_site_name":"Abogados en C\u00f3rdoba","article_modified_time":"2022-03-04T22:21:49+00:00","og_image":[{"url":"https:\/\/estudiocl.com\/inicio\/wp-content\/uploads\/2022\/03\/Nicolas-Leiva-Dalmas-300x300.jpg","type":"","width":"","height":""}],"twitter_card":"summary_large_image","twitter_misc":{"Tiempo de lectura":"3 minutos"},"schema":{"@context":"https:\/\/schema.org","@graph":[{"@type":"WebPage","@id":"https:\/\/estudiocl.com\/inicio\/portfolio\/jubilaciones-y-pensiones\/","url":"https:\/\/estudiocl.com\/inicio\/portfolio\/jubilaciones-y-pensiones\/","name":"Abogados Previsionales en C\u00f3rdoba I Estudio Lacl\u00e9 I Dr. Leiva Dalmas","isPartOf":{"@id":"https:\/\/estudiocl.com\/inicio\/#website"},"primaryImageOfPage":{"@id":"https:\/\/estudiocl.com\/inicio\/portfolio\/jubilaciones-y-pensiones\/#primaryimage"},"image":{"@id":"https:\/\/estudiocl.com\/inicio\/portfolio\/jubilaciones-y-pensiones\/#primaryimage"},"thumbnailUrl":"https:\/\/estudiocl.com\/inicio\/wp-content\/uploads\/2022\/03\/Nicolas-Leiva-Dalmas-300x300.jpg","datePublished":"2012-10-23T09:25:54+00:00","dateModified":"2022-03-04T22:21:49+00:00","description":"Estudio Jur\u00eddico Lacl\u00e9 - V\u00e9lez Sarsfield 84 Piso 1 Dptos. A y B, C\u00f3rdoba - Tel. (0351) 4239206 - Atenci\u00f3n de Lunes a Viernes - www.estudiocl.com - Abogados Previsionalistas - Especialistas en Derecho Previsional - Jubilaciones y Pensiones. Abogados Previsionales - Jubilaciones y Pensiones - Invalideces - Minusvalias - Previsionalistas en C\u00f3rdoba - Estudio Jur\u00eddico Previsional","breadcrumb":{"@id":"https:\/\/estudiocl.com\/inicio\/portfolio\/jubilaciones-y-pensiones\/#breadcrumb"},"inLanguage":"es","potentialAction":[{"@type":"ReadAction","target":["https:\/\/estudiocl.com\/inicio\/portfolio\/jubilaciones-y-pensiones\/"]}]},{"@type":"ImageObject","inLanguage":"es","@id":"https:\/\/estudiocl.com\/inicio\/portfolio\/jubilaciones-y-pensiones\/#primaryimage","url":"https:\/\/estudiocl.com\/inicio\/wp-content\/uploads\/2022\/03\/Nicolas-Leiva-Dalmas.jpg","contentUrl":"https:\/\/estudiocl.com\/inicio\/wp-content\/uploads\/2022\/03\/Nicolas-Leiva-Dalmas.jpg","width":321,"height":321,"caption":"Nicolas Leiva Dalmas"},{"@type":"BreadcrumbList","@id":"https:\/\/estudiocl.com\/inicio\/portfolio\/jubilaciones-y-pensiones\/#breadcrumb","itemListElement":[{"@type":"ListItem","position":1,"name":"Portada","item":"https:\/\/estudiocl.com\/inicio\/"},{"@type":"ListItem","position":2,"name":"Servicios","item":"https:\/\/estudiocl.com\/inicio\/portfolio\/"},{"@type":"ListItem","position":3,"name":"Jubilaciones\/Pensiones"}]},{"@type":"WebSite","@id":"https:\/\/estudiocl.com\/inicio\/#website","url":"https:\/\/estudiocl.com\/inicio\/","name":"Abogados en C\u00f3rdoba","description":"Lacl\u00e9 Abogados en C\u00f3rdoba - Estudio Jur\u00eddico en C\u00f3rdoba","potentialAction":[{"@type":"SearchAction","target":{"@type":"EntryPoint","urlTemplate":"https:\/\/estudiocl.com\/inicio\/?s={search_term_string}"},"query-input":{"@type":"PropertyValueSpecification","valueRequired":true,"valueName":"search_term_string"}}],"inLanguage":"es"}]}},"_links":{"self":[{"href":"https:\/\/estudiocl.com\/inicio\/wp-json\/wp\/v2\/pages\/2066","targetHints":{"allow":["GET"]}}],"collection":[{"href":"https:\/\/estudiocl.com\/inicio\/wp-json\/wp\/v2\/pages"}],"about":[{"href":"https:\/\/estudiocl.com\/inicio\/wp-json\/wp\/v2\/types\/page"}],"author":[{"embeddable":true,"href":"https:\/\/estudiocl.com\/inicio\/wp-json\/wp\/v2\/users\/4"}],"replies":[{"embeddable":true,"href":"https:\/\/estudiocl.com\/inicio\/wp-json\/wp\/v2\/comments?post=2066"}],"version-history":[{"count":37,"href":"https:\/\/estudiocl.com\/inicio\/wp-json\/wp\/v2\/pages\/2066\/revisions"}],"predecessor-version":[{"id":4264,"href":"https:\/\/estudiocl.com\/inicio\/wp-json\/wp\/v2\/pages\/2066\/revisions\/4264"}],"up":[{"embeddable":true,"href":"https:\/\/estudiocl.com\/inicio\/wp-json\/wp\/v2\/pages\/9"}],"wp:attachment":[{"href":"https:\/\/estudiocl.com\/inicio\/wp-json\/wp\/v2\/media?parent=2066"}],"curies":[{"name":"wp","href":"https:\/\/api.w.org\/{rel}","templated":true}]}}